{"id":2094,"date":"2019-01-28T16:21:14","date_gmt":"2019-01-28T16:21:14","guid":{"rendered":"https:\/\/www.jeromeadam.com\/wp-content\/uploads\/2018\/12\/Trouver-du-positif-dans-le-negatif-avec-Jerome-Adam.png"},"modified":"2019-01-28T16:21:31","modified_gmt":"2019-01-28T16:21:31","slug":"trouver-du-positif-dans-le-negatif-avec-jerome-adam-2-3","status":"inherit","type":"attachment","link":"https:\/\/www.jeromeadam.com\/en\/leadership-meeting-and-conference-in-brussels-to-cap-off-2018\/trouver-du-positif-dans-le-negatif-avec-jerome-adam-2-3\/","title":{"rendered":"Trouver-du-positif-dans-le-negatif-avec-Jerome-Adam"},"author":3,"featured_media":0,"comment_status":"open","ping_status":"closed","template":"","meta":[],"class_list":["post-2094","attachment","type-attachment","status-inherit","hentry"],"yoast_head":"<!-- This site is optimized with the Yoast SEO plugin v27.5 - https:\/\/yoast.com\/product\/yoast-seo-wordpress\/ -->\n<title>Trouver-du-positif-dans-le-negatif-avec-Jerome-Adam - J\u00e9r\u00f4me Adam - Conf\u00e9rencier Entrepreneur<\/title>\n<meta name=\"robots\" content=\"index, follow, max-snippet:-1, max-image-preview:large, max-video-preview:-1\" \/>\n<link rel=\"canonical\" href=\"https:\/\/www.jeromeadam.com\/en\/leadership-meeting-and-conference-in-brussels-to-cap-off-2018\/trouver-du-positif-dans-le-negatif-avec-jerome-adam-2-3\/\" \/>\n<meta property=\"og:locale\" content=\"en_US\" \/>\n<meta property=\"og:type\" content=\"article\" \/>\n<meta property=\"og:title\" content=\"Trouver-du-positif-dans-le-negatif-avec-Jerome-Adam - J\u00e9r\u00f4me Adam - Conf\u00e9rencier Entrepreneur\" \/>\n<meta property=\"og:url\" content=\"https:\/\/www.jeromeadam.com\/en\/leadership-meeting-and-conference-in-brussels-to-cap-off-2018\/trouver-du-positif-dans-le-negatif-avec-jerome-adam-2-3\/\" \/>\n<meta property=\"og:site_name\" content=\"J\u00e9r\u00f4me Adam - Conf\u00e9rencier Entrepreneur\" \/>\n<meta property=\"article:publisher\" content=\"https:\/\/www.facebook.com\/jeromeAdamFanPage\" \/>\n<meta property=\"article:modified_time\" content=\"2019-01-28T16:21:31+00:00\" \/>\n<meta property=\"og:image\" content=\"https:\/\/www.jeromeadam.com\/wp-content\/uploads\/2018\/12\/Trouver-du-positif-dans-le-negatif-avec-Jerome-Adam.png\" \/>\n\t<meta property=\"og:image:width\" content=\"2400\" \/>\n\t<meta property=\"og:image:height\" content=\"1560\" \/>\n\t<meta property=\"og:image:type\" content=\"image\/png\" \/>\n<meta name=\"twitter:card\" content=\"summary_large_image\" \/>\n<meta name=\"twitter:site\" content=\"@thejeromeadam\" \/>\n<script type=\"application\/ld+json\" class=\"yoast-schema-graph\">{\"@context\":\"https:\\\/\\\/schema.org\",\"@graph\":[{\"@type\":\"WebPage\",\"@id\":\"https:\\\/\\\/www.jeromeadam.com\\\/en\\\/leadership-meeting-and-conference-in-brussels-to-cap-off-2018\\\/trouver-du-positif-dans-le-negatif-avec-jerome-adam-2-3\\\/\",\"url\":\"https:\\\/\\\/www.jeromeadam.com\\\/en\\\/leadership-meeting-and-conference-in-brussels-to-cap-off-2018\\\/trouver-du-positif-dans-le-negatif-avec-jerome-adam-2-3\\\/\",\"name\":\"Trouver-du-positif-dans-le-negatif-avec-Jerome-Adam - J\u00e9r\u00f4me Adam - Conf\u00e9rencier Entrepreneur\",\"isPartOf\":{\"@id\":\"https:\\\/\\\/www.jeromeadam.com\\\/en\\\/#website\"},\"datePublished\":\"2019-01-28T16:21:14+00:00\",\"dateModified\":\"2019-01-28T16:21:31+00:00\",\"breadcrumb\":{\"@id\":\"https:\\\/\\\/www.jeromeadam.com\\\/en\\\/leadership-meeting-and-conference-in-brussels-to-cap-off-2018\\\/trouver-du-positif-dans-le-negatif-avec-jerome-adam-2-3\\\/#breadcrumb\"},\"inLanguage\":\"en-US\",\"potentialAction\":[{\"@type\":\"ReadAction\",\"target\":[\"https:\\\/\\\/www.jeromeadam.com\\\/en\\\/leadership-meeting-and-conference-in-brussels-to-cap-off-2018\\\/trouver-du-positif-dans-le-negatif-avec-jerome-adam-2-3\\\/\"]}]},{\"@type\":\"BreadcrumbList\",\"@id\":\"https:\\\/\\\/www.jeromeadam.com\\\/en\\\/leadership-meeting-and-conference-in-brussels-to-cap-off-2018\\\/trouver-du-positif-dans-le-negatif-avec-jerome-adam-2-3\\\/#breadcrumb\",\"itemListElement\":[{\"@type\":\"ListItem\",\"position\":1,\"name\":\"Accueil\",\"item\":\"https:\\\/\\\/www.jeromeadam.com\\\/en\\\/\"},{\"@type\":\"ListItem\",\"position\":2,\"name\":\"Leadership Meeting and Conference in Brussels to Cap off 2018\",\"item\":\"https:\\\/\\\/www.jeromeadam.com\\\/en\\\/leadership-meeting-et-conference-a-bruxelles-pour-finir-2018-en-beaute\\\/\"},{\"@type\":\"ListItem\",\"position\":3,\"name\":\"Trouver-du-positif-dans-le-negatif-avec-Jerome-Adam\"}]},{\"@type\":\"WebSite\",\"@id\":\"https:\\\/\\\/www.jeromeadam.com\\\/en\\\/#website\",\"url\":\"https:\\\/\\\/www.jeromeadam.com\\\/en\\\/\",\"name\":\"J\u00e9r\u00f4me Adam - Conf\u00e9rencier Entrepreneur\",\"description\":\"\",\"publisher\":{\"@id\":\"https:\\\/\\\/www.jeromeadam.com\\\/en\\\/#organization\"},\"potentialAction\":[{\"@type\":\"SearchAction\",\"target\":{\"@type\":\"EntryPoint\",\"urlTemplate\":\"https:\\\/\\\/www.jeromeadam.com\\\/en\\\/?s={search_term_string}\"},\"query-input\":{\"@type\":\"PropertyValueSpecification\",\"valueRequired\":true,\"valueName\":\"search_term_string\"}}],\"inLanguage\":\"en-US\"},{\"@type\":\"Organization\",\"@id\":\"https:\\\/\\\/www.jeromeadam.com\\\/en\\\/#organization\",\"name\":\"J\u00e9r\u00f4me Adam\",\"url\":\"https:\\\/\\\/www.jeromeadam.com\\\/en\\\/\",\"logo\":{\"@type\":\"ImageObject\",\"inLanguage\":\"en-US\",\"@id\":\"https:\\\/\\\/www.jeromeadam.com\\\/en\\\/#\\\/schema\\\/logo\\\/image\\\/\",\"url\":\"https:\\\/\\\/www.jeromeadam.com\\\/wp-content\\\/uploads\\\/2018\\\/02\\\/logo-jerome-adam-horizontal-43.png\",\"contentUrl\":\"https:\\\/\\\/www.jeromeadam.com\\\/wp-content\\\/uploads\\\/2018\\\/02\\\/logo-jerome-adam-horizontal-43.png\",\"width\":210,\"height\":43,\"caption\":\"J\u00e9r\u00f4me Adam\"},\"image\":{\"@id\":\"https:\\\/\\\/www.jeromeadam.com\\\/en\\\/#\\\/schema\\\/logo\\\/image\\\/\"},\"sameAs\":[\"https:\\\/\\\/www.facebook.com\\\/jeromeAdamFanPage\",\"https:\\\/\\\/x.com\\\/thejeromeadam\",\"http:\\\/\\\/fr.linkedin.com\\\/in\\\/thejeromeadam\"]}]}<\/script>\n<!-- \/ Yoast SEO plugin. -->","yoast_head_json":{"title":"Trouver-du-positif-dans-le-negatif-avec-Jerome-Adam - J\u00e9r\u00f4me Adam - Conf\u00e9rencier Entrepreneur","robots":{"index":"index","follow":"follow","max-snippet":"max-snippet:-1","max-image-preview":"max-image-preview:large","max-video-preview":"max-video-preview:-1"},"canonical":"https:\/\/www.jeromeadam.com\/en\/leadership-meeting-and-conference-in-brussels-to-cap-off-2018\/trouver-du-positif-dans-le-negatif-avec-jerome-adam-2-3\/","og_locale":"en_US","og_type":"article","og_title":"Trouver-du-positif-dans-le-negatif-avec-Jerome-Adam - J\u00e9r\u00f4me Adam - Conf\u00e9rencier Entrepreneur","og_url":"https:\/\/www.jeromeadam.com\/en\/leadership-meeting-and-conference-in-brussels-to-cap-off-2018\/trouver-du-positif-dans-le-negatif-avec-jerome-adam-2-3\/","og_site_name":"J\u00e9r\u00f4me Adam - Conf\u00e9rencier Entrepreneur","article_publisher":"https:\/\/www.facebook.com\/jeromeAdamFanPage","article_modified_time":"2019-01-28T16:21:31+00:00","og_image":[{"width":2400,"height":1560,"url":"https:\/\/www.jeromeadam.com\/wp-content\/uploads\/2018\/12\/Trouver-du-positif-dans-le-negatif-avec-Jerome-Adam.png","type":"image\/png"}],"twitter_card":"summary_large_image","twitter_site":"@thejeromeadam","schema":{"@context":"https:\/\/schema.org","@graph":[{"@type":"WebPage","@id":"https:\/\/www.jeromeadam.com\/en\/leadership-meeting-and-conference-in-brussels-to-cap-off-2018\/trouver-du-positif-dans-le-negatif-avec-jerome-adam-2-3\/","url":"https:\/\/www.jeromeadam.com\/en\/leadership-meeting-and-conference-in-brussels-to-cap-off-2018\/trouver-du-positif-dans-le-negatif-avec-jerome-adam-2-3\/","name":"Trouver-du-positif-dans-le-negatif-avec-Jerome-Adam - J\u00e9r\u00f4me Adam - Conf\u00e9rencier Entrepreneur","isPartOf":{"@id":"https:\/\/www.jeromeadam.com\/en\/#website"},"datePublished":"2019-01-28T16:21:14+00:00","dateModified":"2019-01-28T16:21:31+00:00","breadcrumb":{"@id":"https:\/\/www.jeromeadam.com\/en\/leadership-meeting-and-conference-in-brussels-to-cap-off-2018\/trouver-du-positif-dans-le-negatif-avec-jerome-adam-2-3\/#breadcrumb"},"inLanguage":"en-US","potentialAction":[{"@type":"ReadAction","target":["https:\/\/www.jeromeadam.com\/en\/leadership-meeting-and-conference-in-brussels-to-cap-off-2018\/trouver-du-positif-dans-le-negatif-avec-jerome-adam-2-3\/"]}]},{"@type":"BreadcrumbList","@id":"https:\/\/www.jeromeadam.com\/en\/leadership-meeting-and-conference-in-brussels-to-cap-off-2018\/trouver-du-positif-dans-le-negatif-avec-jerome-adam-2-3\/#breadcrumb","itemListElement":[{"@type":"ListItem","position":1,"name":"Accueil","item":"https:\/\/www.jeromeadam.com\/en\/"},{"@type":"ListItem","position":2,"name":"Leadership Meeting and Conference in Brussels to Cap off 2018","item":"https:\/\/www.jeromeadam.com\/en\/leadership-meeting-et-conference-a-bruxelles-pour-finir-2018-en-beaute\/"},{"@type":"ListItem","position":3,"name":"Trouver-du-positif-dans-le-negatif-avec-Jerome-Adam"}]},{"@type":"WebSite","@id":"https:\/\/www.jeromeadam.com\/en\/#website","url":"https:\/\/www.jeromeadam.com\/en\/","name":"J\u00e9r\u00f4me Adam - Conf\u00e9rencier Entrepreneur","description":"","publisher":{"@id":"https:\/\/www.jeromeadam.com\/en\/#organization"},"potentialAction":[{"@type":"SearchAction","target":{"@type":"EntryPoint","urlTemplate":"https:\/\/www.jeromeadam.com\/en\/?s={search_term_string}"},"query-input":{"@type":"PropertyValueSpecification","valueRequired":true,"valueName":"search_term_string"}}],"inLanguage":"en-US"},{"@type":"Organization","@id":"https:\/\/www.jeromeadam.com\/en\/#organization","name":"J\u00e9r\u00f4me Adam","url":"https:\/\/www.jeromeadam.com\/en\/","logo":{"@type":"ImageObject","inLanguage":"en-US","@id":"https:\/\/www.jeromeadam.com\/en\/#\/schema\/logo\/image\/","url":"https:\/\/www.jeromeadam.com\/wp-content\/uploads\/2018\/02\/logo-jerome-adam-horizontal-43.png","contentUrl":"https:\/\/www.jeromeadam.com\/wp-content\/uploads\/2018\/02\/logo-jerome-adam-horizontal-43.png","width":210,"height":43,"caption":"J\u00e9r\u00f4me Adam"},"image":{"@id":"https:\/\/www.jeromeadam.com\/en\/#\/schema\/logo\/image\/"},"sameAs":["https:\/\/www.facebook.com\/jeromeAdamFanPage","https:\/\/x.com\/thejeromeadam","http:\/\/fr.linkedin.com\/in\/thejeromeadam"]}]}},"description":{"rendered":"<p class=\"attachment\"><a data-rel=\"iLightbox[postimages]\" data-title=\"\" data-caption=\"\" href='https:\/\/www.jeromeadam.com\/wp-content\/uploads\/2018\/12\/Trouver-du-positif-dans-le-negatif-avec-Jerome-Adam.png'><img decoding=\"async\" width=\"300\" height=\"195\" src=\"https:\/\/www.jeromeadam.com\/wp-content\/uploads\/2018\/12\/Trouver-du-positif-dans-le-negatif-avec-Jerome-Adam-300x195.png\" class=\"attachment-medium size-medium\" alt=\"Trouver du positif dans le n\u00e9gatif avec J\u00e9r\u00f4me Adam\" srcset=\"https:\/\/www.jeromeadam.com\/wp-content\/uploads\/2018\/12\/Trouver-du-positif-dans-le-negatif-avec-Jerome-Adam-200x130.png 200w, https:\/\/www.jeromeadam.com\/wp-content\/uploads\/2018\/12\/Trouver-du-positif-dans-le-negatif-avec-Jerome-Adam-300x195.png 300w, https:\/\/www.jeromeadam.com\/wp-content\/uploads\/2018\/12\/Trouver-du-positif-dans-le-negatif-avec-Jerome-Adam-400x260.png 400w, https:\/\/www.jeromeadam.com\/wp-content\/uploads\/2018\/12\/Trouver-du-positif-dans-le-negatif-avec-Jerome-Adam-600x390.png 600w, https:\/\/www.jeromeadam.com\/wp-content\/uploads\/2018\/12\/Trouver-du-positif-dans-le-negatif-avec-Jerome-Adam-768x499.png 768w, https:\/\/www.jeromeadam.com\/wp-content\/uploads\/2018\/12\/Trouver-du-positif-dans-le-negatif-avec-Jerome-Adam-800x520.png 800w, https:\/\/www.jeromeadam.com\/wp-content\/uploads\/2018\/12\/Trouver-du-positif-dans-le-negatif-avec-Jerome-Adam-1024x666.png 1024w, https:\/\/www.jeromeadam.com\/wp-content\/uploads\/2018\/12\/Trouver-du-positif-dans-le-negatif-avec-Jerome-Adam-1200x780.png 1200w\" sizes=\"(max-width: 300px) 100vw, 300px\" \/><\/a><\/p>\n"},"caption":{"rendered":""},"alt_text":"Trouver du positif dans le n\u00e9gatif avec J\u00e9r\u00f4me Adam","media_type":"image","mime_type":"image\/png","media_details":{"width":2400,"height":1560,"file":"2018\/12\/Trouver-du-positif-dans-le-negatif-avec-Jerome-Adam.png","sizes":{"thumbnail":{"file":"Trouver-du-positif-dans-le-negatif-avec-Jerome-Adam-150x150.png","width":150,"height":150,"mime_type":"image\/png","source_url":"https:\/\/www.jeromeadam.com\/wp-content\/uploads\/2018\/12\/Trouver-du-positif-dans-le-negatif-avec-Jerome-Adam-150x150.png"},"medium":{"file":"Trouver-du-positif-dans-le-negatif-avec-Jerome-Adam-300x195.png","width":300,"height":195,"mime_type":"image\/png","source_url":"https:\/\/www.jeromeadam.com\/wp-content\/uploads\/2018\/12\/Trouver-du-positif-dans-le-negatif-avec-Jerome-Adam-300x195.png"},"medium_large":{"file":"Trouver-du-positif-dans-le-negatif-avec-Jerome-Adam-768x499.png","width":768,"height":499,"mime_type":"image\/png","source_url":"https:\/\/www.jeromeadam.com\/wp-content\/uploads\/2018\/12\/Trouver-du-positif-dans-le-negatif-avec-Jerome-Adam-768x499.png"},"large":{"file":"Trouver-du-positif-dans-le-negatif-avec-Jerome-Adam-1024x666.png","width":1024,"height":666,"mime_type":"image\/png","source_url":"https:\/\/www.jeromeadam.com\/wp-content\/uploads\/2018\/12\/Trouver-du-positif-dans-le-negatif-avec-Jerome-Adam-1024x666.png"},"portfolio-full":{"file":"Trouver-du-positif-dans-le-negatif-avec-Jerome-Adam-940x400.png","width":940,"height":400,"mime_type":"image\/png","source_url":"https:\/\/www.jeromeadam.com\/wp-content\/uploads\/2018\/12\/Trouver-du-positif-dans-le-negatif-avec-Jerome-Adam-940x400.png"},"portfolio-one":{"file":"Trouver-du-positif-dans-le-negatif-avec-Jerome-Adam-540x272.png","width":540,"height":272,"mime_type":"image\/png","source_url":"https:\/\/www.jeromeadam.com\/wp-content\/uploads\/2018\/12\/Trouver-du-positif-dans-le-negatif-avec-Jerome-Adam-540x272.png"},"portfolio-two":{"file":"Trouver-du-positif-dans-le-negatif-avec-Jerome-Adam-460x295.png","width":460,"height":295,"mime_type":"image\/png","source_url":"https:\/\/www.jeromeadam.com\/wp-content\/uploads\/2018\/12\/Trouver-du-positif-dans-le-negatif-avec-Jerome-Adam-460x295.png"},"portfolio-three":{"file":"Trouver-du-positif-dans-le-negatif-avec-Jerome-Adam-300x214.png","width":300,"height":214,"mime_type":"image\/png","source_url":"https:\/\/www.jeromeadam.com\/wp-content\/uploads\/2018\/12\/Trouver-du-positif-dans-le-negatif-avec-Jerome-Adam-300x214.png"},"portfolio-five":{"file":"Trouver-du-positif-dans-le-negatif-avec-Jerome-Adam-177x142.png","width":177,"height":142,"mime_type":"image\/png","source_url":"https:\/\/www.jeromeadam.com\/wp-content\/uploads\/2018\/12\/Trouver-du-positif-dans-le-negatif-avec-Jerome-Adam-177x142.png"},"blog-large":{"file":"Trouver-du-positif-dans-le-negatif-avec-Jerome-Adam-669x272.png","width":669,"height":272,"mime_type":"image\/png","source_url":"https:\/\/www.jeromeadam.com\/wp-content\/uploads\/2018\/12\/Trouver-du-positif-dans-le-negatif-avec-Jerome-Adam-669x272.png"},"blog-medium":{"file":"Trouver-du-positif-dans-le-negatif-avec-Jerome-Adam-320x202.png","width":320,"height":202,"mime_type":"image\/png","source_url":"https:\/\/www.jeromeadam.com\/wp-content\/uploads\/2018\/12\/Trouver-du-positif-dans-le-negatif-avec-Jerome-Adam-320x202.png"},"recent-posts":{"file":"Trouver-du-positif-dans-le-negatif-avec-Jerome-Adam-700x441.png","width":700,"height":441,"mime_type":"image\/png","source_url":"https:\/\/www.jeromeadam.com\/wp-content\/uploads\/2018\/12\/Trouver-du-positif-dans-le-negatif-avec-Jerome-Adam-700x441.png"},"recent-works-thumbnail":{"file":"Trouver-du-positif-dans-le-negatif-avec-Jerome-Adam-66x66.png","width":66,"height":66,"mime_type":"image\/png","source_url":"https:\/\/www.jeromeadam.com\/wp-content\/uploads\/2018\/12\/Trouver-du-positif-dans-le-negatif-avec-Jerome-Adam-66x66.png"},"fusion-200":{"file":"Trouver-du-positif-dans-le-negatif-avec-Jerome-Adam-200x130.png","width":200,"height":130,"mime_type":"image\/png","source_url":"https:\/\/www.jeromeadam.com\/wp-content\/uploads\/2018\/12\/Trouver-du-positif-dans-le-negatif-avec-Jerome-Adam-200x130.png"},"fusion-400":{"file":"Trouver-du-positif-dans-le-negatif-avec-Jerome-Adam-400x260.png","width":400,"height":260,"mime_type":"image\/png","source_url":"https:\/\/www.jeromeadam.com\/wp-content\/uploads\/2018\/12\/Trouver-du-positif-dans-le-negatif-avec-Jerome-Adam-400x260.png"},"fusion-600":{"file":"Trouver-du-positif-dans-le-negatif-avec-Jerome-Adam-600x390.png","width":600,"height":390,"mime_type":"image\/png","source_url":"https:\/\/www.jeromeadam.com\/wp-content\/uploads\/2018\/12\/Trouver-du-positif-dans-le-negatif-avec-Jerome-Adam-600x390.png"},"fusion-800":{"file":"Trouver-du-positif-dans-le-negatif-avec-Jerome-Adam-800x520.png","width":800,"height":520,"mime_type":"image\/png","source_url":"https:\/\/www.jeromeadam.com\/wp-content\/uploads\/2018\/12\/Trouver-du-positif-dans-le-negatif-avec-Jerome-Adam-800x520.png"},"fusion-1200":{"file":"Trouver-du-positif-dans-le-negatif-avec-Jerome-Adam-1200x780.png","width":1200,"height":780,"mime_type":"image\/png","source_url":"https:\/\/www.jeromeadam.com\/wp-content\/uploads\/2018\/12\/Trouver-du-positif-dans-le-negatif-avec-Jerome-Adam-1200x780.png"},"full":{"file":"Trouver-du-positif-dans-le-negatif-avec-Jerome-Adam.png","width":2400,"height":1560,"mime_type":"image\/png","source_url":"https:\/\/www.jeromeadam.com\/wp-content\/uploads\/2018\/12\/Trouver-du-positif-dans-le-negatif-avec-Jerome-Adam.png"}},"image_meta":{"aperture":"0","credit":"","camera":"","caption":"","created_timestamp":"0","copyright":"","focal_length":"0","iso":"0","shutter_speed":"0","title":"","orientation":"0","keywords":[]}},"post":2099,"source_url":"https:\/\/www.jeromeadam.com\/wp-content\/uploads\/2018\/12\/Trouver-du-positif-dans-le-negatif-avec-Jerome-Adam.png","_links":{"self":[{"href":"https:\/\/www.jeromeadam.com\/en\/wp-json\/wp\/v2\/media\/2094","targetHints":{"allow":["GET"]}}],"collection":[{"href":"https:\/\/www.jeromeadam.com\/en\/wp-json\/wp\/v2\/media"}],"about":[{"href":"https:\/\/www.jeromeadam.com\/en\/wp-json\/wp\/v2\/types\/attachment"}],"author":[{"embeddable":true,"href":"https:\/\/www.jeromeadam.com\/en\/wp-json\/wp\/v2\/users\/3"}],"replies":[{"embeddable":true,"href":"https:\/\/www.jeromeadam.com\/en\/wp-json\/wp\/v2\/comments?post=2094"}],"wp:attached-to":[{"embeddable":true,"post_type":"post","id":2099,"href":"https:\/\/www.jeromeadam.com\/en\/wp-json\/wp\/v2\/posts\/2099"}],"curies":[{"name":"wp","href":"https:\/\/api.w.org\/{rel}","templated":true}]}}