{"id":2177,"date":"2019-04-15T15:14:45","date_gmt":"2019-04-15T15:14:45","guid":{"rendered":"https:\/\/www.jeromeadam.com\/wp-content\/uploads\/2019\/04\/Photo-de-la-remise-des-Prix-lors-du-CUBE-2019-a-Reims.jpg"},"modified":"2019-04-15T15:14:55","modified_gmt":"2019-04-15T15:14:55","slug":"photo-de-la-remise-des-prix-lors-du-cube-2019-a-reims-2","status":"inherit","type":"attachment","link":"https:\/\/www.jeromeadam.com\/en\/jury-panel-and-conference-at-the-urban-student-business-challenge-cube-in-reims\/photo-de-la-remise-des-prix-lors-du-cube-2019-a-reims-2\/","title":{"rendered":"Photo-de-la-remise-des-Prix-lors-du-CUBE-2019-a-Reims"},"author":3,"featured_media":0,"comment_status":"open","ping_status":"closed","template":"","meta":[],"class_list":["post-2177","attachment","type-attachment","status-inherit","hentry"],"yoast_head":"<!-- This site is optimized with the Yoast SEO plugin v27.5 - https:\/\/yoast.com\/product\/yoast-seo-wordpress\/ -->\n<title>Photo-de-la-remise-des-Prix-lors-du-CUBE-2019-a-Reims - J\u00e9r\u00f4me Adam - Conf\u00e9rencier Entrepreneur<\/title>\n<meta name=\"robots\" content=\"index, follow, max-snippet:-1, max-image-preview:large, max-video-preview:-1\" \/>\n<link rel=\"canonical\" href=\"https:\/\/www.jeromeadam.com\/en\/jury-panel-and-conference-at-the-urban-student-business-challenge-cube-in-reims\/photo-de-la-remise-des-prix-lors-du-cube-2019-a-reims-2\/\" \/>\n<meta property=\"og:locale\" content=\"en_US\" \/>\n<meta property=\"og:type\" content=\"article\" \/>\n<meta property=\"og:title\" content=\"Photo-de-la-remise-des-Prix-lors-du-CUBE-2019-a-Reims - J\u00e9r\u00f4me Adam - Conf\u00e9rencier Entrepreneur\" \/>\n<meta property=\"og:url\" content=\"https:\/\/www.jeromeadam.com\/en\/jury-panel-and-conference-at-the-urban-student-business-challenge-cube-in-reims\/photo-de-la-remise-des-prix-lors-du-cube-2019-a-reims-2\/\" \/>\n<meta property=\"og:site_name\" content=\"J\u00e9r\u00f4me Adam - Conf\u00e9rencier Entrepreneur\" \/>\n<meta property=\"article:publisher\" content=\"https:\/\/www.facebook.com\/jeromeAdamFanPage\" \/>\n<meta property=\"article:modified_time\" content=\"2019-04-15T15:14:55+00:00\" \/>\n<meta property=\"og:image\" content=\"https:\/\/www.jeromeadam.com\/wp-content\/uploads\/2019\/04\/Photo-de-la-remise-des-Prix-lors-du-CUBE-2019-a-Reims.jpg\" \/>\n\t<meta property=\"og:image:width\" content=\"1200\" \/>\n\t<meta property=\"og:image:height\" content=\"335\" \/>\n\t<meta property=\"og:image:type\" content=\"image\/jpeg\" \/>\n<meta name=\"twitter:card\" content=\"summary_large_image\" \/>\n<meta name=\"twitter:site\" content=\"@thejeromeadam\" \/>\n<script type=\"application\/ld+json\" class=\"yoast-schema-graph\">{\"@context\":\"https:\\\/\\\/schema.org\",\"@graph\":[{\"@type\":\"WebPage\",\"@id\":\"https:\\\/\\\/www.jeromeadam.com\\\/en\\\/jury-panel-and-conference-at-the-urban-student-business-challenge-cube-in-reims\\\/photo-de-la-remise-des-prix-lors-du-cube-2019-a-reims-2\\\/\",\"url\":\"https:\\\/\\\/www.jeromeadam.com\\\/en\\\/jury-panel-and-conference-at-the-urban-student-business-challenge-cube-in-reims\\\/photo-de-la-remise-des-prix-lors-du-cube-2019-a-reims-2\\\/\",\"name\":\"Photo-de-la-remise-des-Prix-lors-du-CUBE-2019-a-Reims - J\u00e9r\u00f4me Adam - Conf\u00e9rencier Entrepreneur\",\"isPartOf\":{\"@id\":\"https:\\\/\\\/www.jeromeadam.com\\\/en\\\/#website\"},\"datePublished\":\"2019-04-15T15:14:45+00:00\",\"dateModified\":\"2019-04-15T15:14:55+00:00\",\"breadcrumb\":{\"@id\":\"https:\\\/\\\/www.jeromeadam.com\\\/en\\\/jury-panel-and-conference-at-the-urban-student-business-challenge-cube-in-reims\\\/photo-de-la-remise-des-prix-lors-du-cube-2019-a-reims-2\\\/#breadcrumb\"},\"inLanguage\":\"en-US\",\"potentialAction\":[{\"@type\":\"ReadAction\",\"target\":[\"https:\\\/\\\/www.jeromeadam.com\\\/en\\\/jury-panel-and-conference-at-the-urban-student-business-challenge-cube-in-reims\\\/photo-de-la-remise-des-prix-lors-du-cube-2019-a-reims-2\\\/\"]}]},{\"@type\":\"BreadcrumbList\",\"@id\":\"https:\\\/\\\/www.jeromeadam.com\\\/en\\\/jury-panel-and-conference-at-the-urban-student-business-challenge-cube-in-reims\\\/photo-de-la-remise-des-prix-lors-du-cube-2019-a-reims-2\\\/#breadcrumb\",\"itemListElement\":[{\"@type\":\"ListItem\",\"position\":1,\"name\":\"Accueil\",\"item\":\"https:\\\/\\\/www.jeromeadam.com\\\/en\\\/\"},{\"@type\":\"ListItem\",\"position\":2,\"name\":\"Jury Panel and Conference at the Urban Student Business Challenge (CUBE) in Reims\",\"item\":\"https:\\\/\\\/www.jeromeadam.com\\\/en\\\/jury-et-conference-lors-du-challenge-urbain-business-etudiants-cube-de-reims\\\/\"},{\"@type\":\"ListItem\",\"position\":3,\"name\":\"Photo-de-la-remise-des-Prix-lors-du-CUBE-2019-a-Reims\"}]},{\"@type\":\"WebSite\",\"@id\":\"https:\\\/\\\/www.jeromeadam.com\\\/en\\\/#website\",\"url\":\"https:\\\/\\\/www.jeromeadam.com\\\/en\\\/\",\"name\":\"J\u00e9r\u00f4me Adam - Conf\u00e9rencier Entrepreneur\",\"description\":\"\",\"publisher\":{\"@id\":\"https:\\\/\\\/www.jeromeadam.com\\\/en\\\/#organization\"},\"potentialAction\":[{\"@type\":\"SearchAction\",\"target\":{\"@type\":\"EntryPoint\",\"urlTemplate\":\"https:\\\/\\\/www.jeromeadam.com\\\/en\\\/?s={search_term_string}\"},\"query-input\":{\"@type\":\"PropertyValueSpecification\",\"valueRequired\":true,\"valueName\":\"search_term_string\"}}],\"inLanguage\":\"en-US\"},{\"@type\":\"Organization\",\"@id\":\"https:\\\/\\\/www.jeromeadam.com\\\/en\\\/#organization\",\"name\":\"J\u00e9r\u00f4me Adam\",\"url\":\"https:\\\/\\\/www.jeromeadam.com\\\/en\\\/\",\"logo\":{\"@type\":\"ImageObject\",\"inLanguage\":\"en-US\",\"@id\":\"https:\\\/\\\/www.jeromeadam.com\\\/en\\\/#\\\/schema\\\/logo\\\/image\\\/\",\"url\":\"https:\\\/\\\/www.jeromeadam.com\\\/wp-content\\\/uploads\\\/2018\\\/02\\\/logo-jerome-adam-horizontal-43.png\",\"contentUrl\":\"https:\\\/\\\/www.jeromeadam.com\\\/wp-content\\\/uploads\\\/2018\\\/02\\\/logo-jerome-adam-horizontal-43.png\",\"width\":210,\"height\":43,\"caption\":\"J\u00e9r\u00f4me Adam\"},\"image\":{\"@id\":\"https:\\\/\\\/www.jeromeadam.com\\\/en\\\/#\\\/schema\\\/logo\\\/image\\\/\"},\"sameAs\":[\"https:\\\/\\\/www.facebook.com\\\/jeromeAdamFanPage\",\"https:\\\/\\\/x.com\\\/thejeromeadam\",\"http:\\\/\\\/fr.linkedin.com\\\/in\\\/thejeromeadam\"]}]}<\/script>\n<!-- \/ Yoast SEO plugin. -->","yoast_head_json":{"title":"Photo-de-la-remise-des-Prix-lors-du-CUBE-2019-a-Reims - J\u00e9r\u00f4me Adam - Conf\u00e9rencier Entrepreneur","robots":{"index":"index","follow":"follow","max-snippet":"max-snippet:-1","max-image-preview":"max-image-preview:large","max-video-preview":"max-video-preview:-1"},"canonical":"https:\/\/www.jeromeadam.com\/en\/jury-panel-and-conference-at-the-urban-student-business-challenge-cube-in-reims\/photo-de-la-remise-des-prix-lors-du-cube-2019-a-reims-2\/","og_locale":"en_US","og_type":"article","og_title":"Photo-de-la-remise-des-Prix-lors-du-CUBE-2019-a-Reims - J\u00e9r\u00f4me Adam - Conf\u00e9rencier Entrepreneur","og_url":"https:\/\/www.jeromeadam.com\/en\/jury-panel-and-conference-at-the-urban-student-business-challenge-cube-in-reims\/photo-de-la-remise-des-prix-lors-du-cube-2019-a-reims-2\/","og_site_name":"J\u00e9r\u00f4me Adam - Conf\u00e9rencier Entrepreneur","article_publisher":"https:\/\/www.facebook.com\/jeromeAdamFanPage","article_modified_time":"2019-04-15T15:14:55+00:00","og_image":[{"width":1200,"height":335,"url":"https:\/\/www.jeromeadam.com\/wp-content\/uploads\/2019\/04\/Photo-de-la-remise-des-Prix-lors-du-CUBE-2019-a-Reims.jpg","type":"image\/jpeg"}],"twitter_card":"summary_large_image","twitter_site":"@thejeromeadam","schema":{"@context":"https:\/\/schema.org","@graph":[{"@type":"WebPage","@id":"https:\/\/www.jeromeadam.com\/en\/jury-panel-and-conference-at-the-urban-student-business-challenge-cube-in-reims\/photo-de-la-remise-des-prix-lors-du-cube-2019-a-reims-2\/","url":"https:\/\/www.jeromeadam.com\/en\/jury-panel-and-conference-at-the-urban-student-business-challenge-cube-in-reims\/photo-de-la-remise-des-prix-lors-du-cube-2019-a-reims-2\/","name":"Photo-de-la-remise-des-Prix-lors-du-CUBE-2019-a-Reims - J\u00e9r\u00f4me Adam - Conf\u00e9rencier Entrepreneur","isPartOf":{"@id":"https:\/\/www.jeromeadam.com\/en\/#website"},"datePublished":"2019-04-15T15:14:45+00:00","dateModified":"2019-04-15T15:14:55+00:00","breadcrumb":{"@id":"https:\/\/www.jeromeadam.com\/en\/jury-panel-and-conference-at-the-urban-student-business-challenge-cube-in-reims\/photo-de-la-remise-des-prix-lors-du-cube-2019-a-reims-2\/#breadcrumb"},"inLanguage":"en-US","potentialAction":[{"@type":"ReadAction","target":["https:\/\/www.jeromeadam.com\/en\/jury-panel-and-conference-at-the-urban-student-business-challenge-cube-in-reims\/photo-de-la-remise-des-prix-lors-du-cube-2019-a-reims-2\/"]}]},{"@type":"BreadcrumbList","@id":"https:\/\/www.jeromeadam.com\/en\/jury-panel-and-conference-at-the-urban-student-business-challenge-cube-in-reims\/photo-de-la-remise-des-prix-lors-du-cube-2019-a-reims-2\/#breadcrumb","itemListElement":[{"@type":"ListItem","position":1,"name":"Accueil","item":"https:\/\/www.jeromeadam.com\/en\/"},{"@type":"ListItem","position":2,"name":"Jury Panel and Conference at the Urban Student Business Challenge (CUBE) in Reims","item":"https:\/\/www.jeromeadam.com\/en\/jury-et-conference-lors-du-challenge-urbain-business-etudiants-cube-de-reims\/"},{"@type":"ListItem","position":3,"name":"Photo-de-la-remise-des-Prix-lors-du-CUBE-2019-a-Reims"}]},{"@type":"WebSite","@id":"https:\/\/www.jeromeadam.com\/en\/#website","url":"https:\/\/www.jeromeadam.com\/en\/","name":"J\u00e9r\u00f4me Adam - Conf\u00e9rencier Entrepreneur","description":"","publisher":{"@id":"https:\/\/www.jeromeadam.com\/en\/#organization"},"potentialAction":[{"@type":"SearchAction","target":{"@type":"EntryPoint","urlTemplate":"https:\/\/www.jeromeadam.com\/en\/?s={search_term_string}"},"query-input":{"@type":"PropertyValueSpecification","valueRequired":true,"valueName":"search_term_string"}}],"inLanguage":"en-US"},{"@type":"Organization","@id":"https:\/\/www.jeromeadam.com\/en\/#organization","name":"J\u00e9r\u00f4me Adam","url":"https:\/\/www.jeromeadam.com\/en\/","logo":{"@type":"ImageObject","inLanguage":"en-US","@id":"https:\/\/www.jeromeadam.com\/en\/#\/schema\/logo\/image\/","url":"https:\/\/www.jeromeadam.com\/wp-content\/uploads\/2018\/02\/logo-jerome-adam-horizontal-43.png","contentUrl":"https:\/\/www.jeromeadam.com\/wp-content\/uploads\/2018\/02\/logo-jerome-adam-horizontal-43.png","width":210,"height":43,"caption":"J\u00e9r\u00f4me Adam"},"image":{"@id":"https:\/\/www.jeromeadam.com\/en\/#\/schema\/logo\/image\/"},"sameAs":["https:\/\/www.facebook.com\/jeromeAdamFanPage","https:\/\/x.com\/thejeromeadam","http:\/\/fr.linkedin.com\/in\/thejeromeadam"]}]}},"description":{"rendered":"<p class=\"attachment\"><a data-rel=\"iLightbox[postimages]\" data-title=\"\" data-caption=\"\" href='https:\/\/www.jeromeadam.com\/wp-content\/uploads\/2019\/04\/Photo-de-la-remise-des-Prix-lors-du-CUBE-2019-a-Reims.jpg'><img decoding=\"async\" width=\"300\" height=\"84\" src=\"https:\/\/www.jeromeadam.com\/wp-content\/uploads\/2019\/04\/Photo-de-la-remise-des-Prix-lors-du-CUBE-2019-a-Reims-300x84.jpg\" class=\"attachment-medium size-medium\" alt=\"Photo de la remise des Prix lors du CUBE 2019 \u00e0 Reims\" srcset=\"https:\/\/www.jeromeadam.com\/wp-content\/uploads\/2019\/04\/Photo-de-la-remise-des-Prix-lors-du-CUBE-2019-a-Reims-200x56.jpg 200w, https:\/\/www.jeromeadam.com\/wp-content\/uploads\/2019\/04\/Photo-de-la-remise-des-Prix-lors-du-CUBE-2019-a-Reims-300x84.jpg 300w, https:\/\/www.jeromeadam.com\/wp-content\/uploads\/2019\/04\/Photo-de-la-remise-des-Prix-lors-du-CUBE-2019-a-Reims-400x112.jpg 400w, https:\/\/www.jeromeadam.com\/wp-content\/uploads\/2019\/04\/Photo-de-la-remise-des-Prix-lors-du-CUBE-2019-a-Reims-600x168.jpg 600w, https:\/\/www.jeromeadam.com\/wp-content\/uploads\/2019\/04\/Photo-de-la-remise-des-Prix-lors-du-CUBE-2019-a-Reims-768x214.jpg 768w, https:\/\/www.jeromeadam.com\/wp-content\/uploads\/2019\/04\/Photo-de-la-remise-des-Prix-lors-du-CUBE-2019-a-Reims-800x223.jpg 800w, https:\/\/www.jeromeadam.com\/wp-content\/uploads\/2019\/04\/Photo-de-la-remise-des-Prix-lors-du-CUBE-2019-a-Reims-1024x286.jpg 1024w, https:\/\/www.jeromeadam.com\/wp-content\/uploads\/2019\/04\/Photo-de-la-remise-des-Prix-lors-du-CUBE-2019-a-Reims.jpg 1200w\" sizes=\"(max-width: 300px) 100vw, 300px\" \/><\/a><\/p>\n"},"caption":{"rendered":""},"alt_text":"Photo de la remise des Prix lors du CUBE 2019 \u00e0 Reims","media_type":"image","mime_type":"image\/jpeg","media_details":{"width":1200,"height":335,"file":"2019\/04\/Photo-de-la-remise-des-Prix-lors-du-CUBE-2019-a-Reims.jpg","sizes":{"thumbnail":{"file":"Photo-de-la-remise-des-Prix-lors-du-CUBE-2019-a-Reims-150x150.jpg","width":150,"height":150,"mime_type":"image\/jpeg","source_url":"https:\/\/www.jeromeadam.com\/wp-content\/uploads\/2019\/04\/Photo-de-la-remise-des-Prix-lors-du-CUBE-2019-a-Reims-150x150.jpg"},"medium":{"file":"Photo-de-la-remise-des-Prix-lors-du-CUBE-2019-a-Reims-300x84.jpg","width":300,"height":84,"mime_type":"image\/jpeg","source_url":"https:\/\/www.jeromeadam.com\/wp-content\/uploads\/2019\/04\/Photo-de-la-remise-des-Prix-lors-du-CUBE-2019-a-Reims-300x84.jpg"},"medium_large":{"file":"Photo-de-la-remise-des-Prix-lors-du-CUBE-2019-a-Reims-768x214.jpg","width":768,"height":214,"mime_type":"image\/jpeg","source_url":"https:\/\/www.jeromeadam.com\/wp-content\/uploads\/2019\/04\/Photo-de-la-remise-des-Prix-lors-du-CUBE-2019-a-Reims-768x214.jpg"},"large":{"file":"Photo-de-la-remise-des-Prix-lors-du-CUBE-2019-a-Reims-1024x286.jpg","width":1024,"height":286,"mime_type":"image\/jpeg","source_url":"https:\/\/www.jeromeadam.com\/wp-content\/uploads\/2019\/04\/Photo-de-la-remise-des-Prix-lors-du-CUBE-2019-a-Reims-1024x286.jpg"},"portfolio-full":{"file":"Photo-de-la-remise-des-Prix-lors-du-CUBE-2019-a-Reims-940x335.jpg","width":940,"height":335,"mime_type":"image\/jpeg","source_url":"https:\/\/www.jeromeadam.com\/wp-content\/uploads\/2019\/04\/Photo-de-la-remise-des-Prix-lors-du-CUBE-2019-a-Reims-940x335.jpg"},"portfolio-one":{"file":"Photo-de-la-remise-des-Prix-lors-du-CUBE-2019-a-Reims-540x272.jpg","width":540,"height":272,"mime_type":"image\/jpeg","source_url":"https:\/\/www.jeromeadam.com\/wp-content\/uploads\/2019\/04\/Photo-de-la-remise-des-Prix-lors-du-CUBE-2019-a-Reims-540x272.jpg"},"portfolio-two":{"file":"Photo-de-la-remise-des-Prix-lors-du-CUBE-2019-a-Reims-460x295.jpg","width":460,"height":295,"mime_type":"image\/jpeg","source_url":"https:\/\/www.jeromeadam.com\/wp-content\/uploads\/2019\/04\/Photo-de-la-remise-des-Prix-lors-du-CUBE-2019-a-Reims-460x295.jpg"},"portfolio-three":{"file":"Photo-de-la-remise-des-Prix-lors-du-CUBE-2019-a-Reims-300x214.jpg","width":300,"height":214,"mime_type":"image\/jpeg","source_url":"https:\/\/www.jeromeadam.com\/wp-content\/uploads\/2019\/04\/Photo-de-la-remise-des-Prix-lors-du-CUBE-2019-a-Reims-300x214.jpg"},"portfolio-five":{"file":"Photo-de-la-remise-des-Prix-lors-du-CUBE-2019-a-Reims-177x142.jpg","width":177,"height":142,"mime_type":"image\/jpeg","source_url":"https:\/\/www.jeromeadam.com\/wp-content\/uploads\/2019\/04\/Photo-de-la-remise-des-Prix-lors-du-CUBE-2019-a-Reims-177x142.jpg"},"blog-large":{"file":"Photo-de-la-remise-des-Prix-lors-du-CUBE-2019-a-Reims-669x272.jpg","width":669,"height":272,"mime_type":"image\/jpeg","source_url":"https:\/\/www.jeromeadam.com\/wp-content\/uploads\/2019\/04\/Photo-de-la-remise-des-Prix-lors-du-CUBE-2019-a-Reims-669x272.jpg"},"blog-medium":{"file":"Photo-de-la-remise-des-Prix-lors-du-CUBE-2019-a-Reims-320x202.jpg","width":320,"height":202,"mime_type":"image\/jpeg","source_url":"https:\/\/www.jeromeadam.com\/wp-content\/uploads\/2019\/04\/Photo-de-la-remise-des-Prix-lors-du-CUBE-2019-a-Reims-320x202.jpg"},"recent-posts":{"file":"Photo-de-la-remise-des-Prix-lors-du-CUBE-2019-a-Reims-700x335.jpg","width":700,"height":335,"mime_type":"image\/jpeg","source_url":"https:\/\/www.jeromeadam.com\/wp-content\/uploads\/2019\/04\/Photo-de-la-remise-des-Prix-lors-du-CUBE-2019-a-Reims-700x335.jpg"},"recent-works-thumbnail":{"file":"Photo-de-la-remise-des-Prix-lors-du-CUBE-2019-a-Reims-66x66.jpg","width":66,"height":66,"mime_type":"image\/jpeg","source_url":"https:\/\/www.jeromeadam.com\/wp-content\/uploads\/2019\/04\/Photo-de-la-remise-des-Prix-lors-du-CUBE-2019-a-Reims-66x66.jpg"},"fusion-200":{"file":"Photo-de-la-remise-des-Prix-lors-du-CUBE-2019-a-Reims-200x56.jpg","width":200,"height":56,"mime_type":"image\/jpeg","source_url":"https:\/\/www.jeromeadam.com\/wp-content\/uploads\/2019\/04\/Photo-de-la-remise-des-Prix-lors-du-CUBE-2019-a-Reims-200x56.jpg"},"fusion-400":{"file":"Photo-de-la-remise-des-Prix-lors-du-CUBE-2019-a-Reims-400x112.jpg","width":400,"height":112,"mime_type":"image\/jpeg","source_url":"https:\/\/www.jeromeadam.com\/wp-content\/uploads\/2019\/04\/Photo-de-la-remise-des-Prix-lors-du-CUBE-2019-a-Reims-400x112.jpg"},"fusion-600":{"file":"Photo-de-la-remise-des-Prix-lors-du-CUBE-2019-a-Reims-600x168.jpg","width":600,"height":168,"mime_type":"image\/jpeg","source_url":"https:\/\/www.jeromeadam.com\/wp-content\/uploads\/2019\/04\/Photo-de-la-remise-des-Prix-lors-du-CUBE-2019-a-Reims-600x168.jpg"},"fusion-800":{"file":"Photo-de-la-remise-des-Prix-lors-du-CUBE-2019-a-Reims-800x223.jpg","width":800,"height":223,"mime_type":"image\/jpeg","source_url":"https:\/\/www.jeromeadam.com\/wp-content\/uploads\/2019\/04\/Photo-de-la-remise-des-Prix-lors-du-CUBE-2019-a-Reims-800x223.jpg"},"fusion-1200":{"file":"Photo-de-la-remise-des-Prix-lors-du-CUBE-2019-a-Reims-1200x335.jpg","width":1200,"height":335,"mime_type":"image\/jpeg","source_url":"https:\/\/www.jeromeadam.com\/wp-content\/uploads\/2019\/04\/Photo-de-la-remise-des-Prix-lors-du-CUBE-2019-a-Reims-1200x335.jpg"},"full":{"file":"Photo-de-la-remise-des-Prix-lors-du-CUBE-2019-a-Reims.jpg","width":1200,"height":335,"mime_type":"image\/jpeg","source_url":"https:\/\/www.jeromeadam.com\/wp-content\/uploads\/2019\/04\/Photo-de-la-remise-des-Prix-lors-du-CUBE-2019-a-Reims.jpg"}},"image_meta":{"aperture":"0","credit":"","camera":"","caption":"","created_timestamp":"0","copyright":"","focal_length":"0","iso":"0","shutter_speed":"0","title":"","orientation":"0","keywords":[]}},"post":2193,"source_url":"https:\/\/www.jeromeadam.com\/wp-content\/uploads\/2019\/04\/Photo-de-la-remise-des-Prix-lors-du-CUBE-2019-a-Reims.jpg","_links":{"self":[{"href":"https:\/\/www.jeromeadam.com\/en\/wp-json\/wp\/v2\/media\/2177","targetHints":{"allow":["GET"]}}],"collection":[{"href":"https:\/\/www.jeromeadam.com\/en\/wp-json\/wp\/v2\/media"}],"about":[{"href":"https:\/\/www.jeromeadam.com\/en\/wp-json\/wp\/v2\/types\/attachment"}],"author":[{"embeddable":true,"href":"https:\/\/www.jeromeadam.com\/en\/wp-json\/wp\/v2\/users\/3"}],"replies":[{"embeddable":true,"href":"https:\/\/www.jeromeadam.com\/en\/wp-json\/wp\/v2\/comments?post=2177"}],"wp:attached-to":[{"embeddable":true,"post_type":"post","id":2193,"href":"https:\/\/www.jeromeadam.com\/en\/wp-json\/wp\/v2\/posts\/2193"}],"curies":[{"name":"wp","href":"https:\/\/api.w.org\/{rel}","templated":true}]}}